{"id":27370,"date":"2024-04-26T17:11:27","date_gmt":"2024-04-26T15:11:27","guid":{"rendered":"https:\/\/open2europe.com\/open2europe\/"},"modified":"2026-01-20T13:33:29","modified_gmt":"2026-01-20T12:33:29","slug":"open2europe-5","status":"publish","type":"page","link":"https:\/\/staging.open2europe.com\/de\/","title":{"rendered":"Open2Europe"},"content":{"rendered":"<div class=\"et_pb_section_0 et_pb_section et_section_regular et_block_section\"><div class=\"et_pb_row_0 et_pb_row et_block_row\"><div class=\"et_pb_column_0 et_pb_column et_pb_column_4_4 et-last-child et_block_column et_pb_css_mix_blend_mode_passthrough\"><div class=\"et_pb_text_0 et_pb_text et_pb_bg_layout_light et_pb_module et_block_module\"><div class=\"et_pb_text_inner\" data-et-mv-hidden-tablet=\"true\"><h1 style=\"text-align: left;\"><span style=\"color: #142263;\">Agentur f\u00fcr Pressearbeit<\/span> und digitale Kommunikationsberatung<\/h1>\n<\/div><\/div><\/div><\/div><div class=\"et_pb_row_1 et_pb_row et_block_row\"><div class=\"et_pb_column_1 et_pb_column et_pb_column_2_3 et_block_column et_pb_css_mix_blend_mode_passthrough\"><div class=\"et_pb_text_1 et_pb_text et_pb_bg_layout_light et_pb_module et_block_module\"><div class=\"et_pb_text_inner\"><h2 style=\"text-align: justify;\">Open2Europe ist eine europ\u00e4ische Presseagentur, die Unternehmen dabei hilft innovative Kommunikationsstrategien zu erarbeiten und erfolgreich umzusetzen. Jahrelange Expertise und fundiertes Fachwissen zeichnen die Teams von Open2Europe aus. So schaffen Sie mit Ihrer Marke und Ihren Brand Portfolios Werte, die bleiben.<\/h2>\n<\/div><\/div><\/div><div class=\"et_pb_column_2 et_pb_column et_pb_column_1_3 et-last-child et_block_column et_pb_css_mix_blend_mode_passthrough\"><div class=\"et_pb_code_0 et_pb_code et_pb_module\"><div class=\"et_pb_code_inner\"><button class=\"cta_button et_pb_button\"><a href=\"https:\/\/staging.open2europe.com\/de\/kontakt\/\"><span style=\"color: #ffffff;\">Kontaktieren Sie uns<\/span><\/a><\/button><\/div><\/div><\/div><\/div><\/div><div class=\"et_pb_section_1 et_pb_section et_section_regular et_block_section\" id=\"Pressearbeit\"><div class=\"et_pb_row_2 et_pb_row et_block_row\"><div class=\"et_pb_column_3 et_pb_column et_pb_column_3_5 et_block_column et_pb_css_mix_blend_mode_passthrough\"><div class=\"et_pb_text_2 et_pb_text et_pb_bg_layout_light et_pb_module et_block_module\"><div class=\"et_pb_text_inner\"><h3><span style=\"color: #142263;\">Medienarbeit in Frankreich und Europa<\/span><\/h3>\n<\/div><\/div><div class=\"et_pb_text_3 et_pb_text et_pb_bg_layout_light et_pb_module et_block_module\"><div class=\"et_pb_text_inner\"><p style=\"text-align: justify;\"><span>Die in Paris ans\u00e4ssige Presseagentur Open2Europe unterst\u00fctzt Sie bei der Ausarbeitung Ihrer Markenbotschaften und der Umsetzung einer ma\u00dfgeschneiderten und relevanten Kommunikationsstrategie. So k\u00f6nnen Sie Ihren Bekanntheitsgrad steigern, Ihre Marktposition behaupten und Ihre Medienpr\u00e4senz in Frankreich, aber auch in Europa, erh\u00f6hen. Unsere PR-Berater:innen setzen ihr Fachwissen kreativ, reaktionsschnell und proaktiv f\u00fcr Ihre Marke ein, um Ihre unternehmerischen Anforderungen und Ziele zu erf\u00fcllen.<\/span><\/p>\n<\/div><\/div><div class=\"et_pb_code_1 et_pb_code et_pb_module\"><div class=\"et_pb_code_inner\"><button class=\"cta_button et_pb_button\"><a href=\"https:\/\/staging.open2europe.com\/de\/agentur-fuer-pressearbeit-2\/\"><span style=\"color: #ffffff;\">Mehr erfahren<\/span><\/a><\/button>\n<\/div><\/div><\/div><div class=\"et_pb_column_4 et_pb_column et_pb_column_2_5 et-last-child et_block_column et_pb_css_mix_blend_mode_passthrough\"><div class=\"et_pb_image_0 et_pb_image et_animated et_pb_module et_block_module bigcover\"><a href=\"https:\/\/staging.open2europe.com\/de\/agentur-fuer-pressearbeit-2\/\"><span class=\"et_pb_image_wrap\"><img loading=\"lazy\" decoding=\"async\" src=\"https:\/\/staging.open2europe.com\/wp-content\/uploads\/2023\/07\/Relation-Presse-5.png\" width=\"1080\" height=\"1080\" srcset=\"https:\/\/staging.open2europe.com\/wp-content\/uploads\/2023\/07\/Relation-Presse-5.png 1080w, https:\/\/staging.open2europe.com\/wp-content\/uploads\/2023\/07\/Relation-Presse-5-980x980.png 980w, https:\/\/staging.open2europe.com\/wp-content\/uploads\/2023\/07\/Relation-Presse-5-480x480.png 480w\" sizes=\"(min-width: 0px) and (max-width: 480px) 480px, (min-width: 481px) and (max-width: 980px) 980px, (min-width: 981px) 1080px, 100vw\" class=\"wp-image-24712\" title=\"Internationale Presseagentur\" alt=\"Internationale Presseagentur\" \/><\/span><\/a><\/div><\/div><\/div><\/div><div class=\"et_pb_section_2 et_pb_section et_section_regular et_block_section\" id=\"Digital\"><div class=\"et_pb_row_3 et_pb_row et_block_row\"><div class=\"et_pb_column_5 et_pb_column et_pb_column_2_5 et_block_column et_pb_css_mix_blend_mode_passthrough\"><div class=\"et_pb_image_1 et_pb_image et_animated et_pb_module et_block_module bigcover\"><a href=\"https:\/\/staging.open2europe.com\/agence-digital\/\"><span class=\"et_pb_image_wrap\"><img loading=\"lazy\" decoding=\"async\" src=\"https:\/\/staging.open2europe.com\/wp-content\/uploads\/2023\/07\/Communication-Digital-4-1024x1024.png\" width=\"1024\" height=\"1024\" srcset=\"https:\/\/staging.open2europe.com\/wp-content\/uploads\/2023\/07\/Communication-Digital-4-1024x1024.png 1024w, https:\/\/staging.open2europe.com\/wp-content\/uploads\/2023\/07\/Communication-Digital-4-980x980.png 980w, https:\/\/staging.open2europe.com\/wp-content\/uploads\/2023\/07\/Communication-Digital-4-480x480.png 480w\" sizes=\"(min-width: 0px) and (max-width: 480px) 480px, (min-width: 481px) and (max-width: 980px) 980px, (min-width: 981px) 1024px, 100vw\" class=\"wp-image-24707\" title=\"Digitale Kommunikation\" alt=\"Digitale Kommunikation\" \/><\/span><\/a><\/div><\/div><div class=\"et_pb_column_6 et_pb_column et_pb_column_3_5 et-last-child et_block_column et_pb_css_mix_blend_mode_passthrough\"><div class=\"et_pb_text_4 et_pb_text et_pb_bg_layout_light et_pb_module et_block_module\"><div class=\"et_pb_text_inner\"><h3>Digitale <span style=\"color: #142263;\">Kommunikation<\/span><\/h3>\n<\/div><\/div><div class=\"et_pb_text_5 et_pb_text et_pb_bg_layout_light et_pb_module et_block_module\"><div class=\"et_pb_text_inner\"><p style=\"text-align: justify;\"><span>Soziale Netzwerke (LinkedIn, Facebook, Instagram, Twitter, TikTok usw.) sind heute von entscheidender Bedeutung f\u00fcr Ihr Markenimage. Sie sollten im Mittelpunkt Ihrer Kommunikationsstrategie stehen. \u00dcber unsere Filiale<\/span> <strong><a href=\"http:\/\/www.open2digital.com\" target=\"_blank\" rel=\"noopener\">Open2digital<\/a><\/strong>, <span>\u00dcber unsere Filiale Open2Digital unterst\u00fctzen Sie unsere Social-Media-Berater:innen bei der Umsetzung einer wirkungsvollen Social-Media-Strategie. So schaffen Sie \u00fcber die Social-Media-Konten Ihrer Marke und die Ihrer F\u00fchrungskr\u00e4fte nachhaltiges Engagement Ihrer Community.<\/span><\/p>\n<\/div><\/div><div class=\"et_pb_code_2 et_pb_code et_pb_module\"><div class=\"et_pb_code_inner\"><button class=\"cta_button et_pb_button\"><a href=\"https:\/\/staging.open2europe.com\/agence-digital\/\"><span style=\"color: #ffffff;\">Mehr erfahren<\/span><\/a><\/button>\n<\/div><\/div><\/div><\/div><\/div><div class=\"et_pb_section_3 et_pb_section et_section_regular et_block_section\" id=\"Influence\"><div class=\"et_pb_row_4 et_pb_row et_block_row\"><div class=\"et_pb_column_7 et_pb_column et_pb_column_3_5 et_block_column et_pb_css_mix_blend_mode_passthrough\"><div class=\"et_pb_text_6 et_pb_text et_pb_bg_layout_light et_pb_module et_block_module\"><div class=\"et_pb_text_inner\"><h3>Social Media <span style=\"color: #142263;\"> Influence<\/span><\/h3>\n<\/div><\/div><div class=\"et_pb_text_7 et_pb_text et_pb_bg_layout_light et_pb_module et_block_module\"><div class=\"et_pb_text_inner\"><p style=\"text-align: justify;\"><span>Influencer profitieren von einer hohen \u00f6ffentlichen Aufmerksamkeit und einem breiten, zielgruppenorientierten Netzwerk. Damit sind sie echte Trendsetter. Sie sollten daher in jede Kommunikationsstrategie einbezogen werden, um die Sichtbarkeit der Marke zu erh\u00f6hen und Leads zu generieren. \u00dcber unsere Filiale<\/span>e <a href=\"http:\/\/www.open2influence.com\" target=\"_blank\" rel=\"noopener\"><strong>Open2influence<\/strong><\/a>, <span>\u00dcber unsere Filiale Open2Influence helfen unsere Berater:innen Ihnen dabei, eine leistungsstarke Influencer-Marketing-Strategie - Owned, Paid und Earned - zu kreieren, um die Markenbekanntheit und das Gesch\u00e4ftspotenzial zu steigern.<\/span><\/p>\n<\/div><\/div><div class=\"et_pb_code_3 et_pb_code et_pb_module\"><div class=\"et_pb_code_inner\"><button class=\"cta_button et_pb_button\"><a href=\"https:\/\/staging.open2europe.com\/agence-influence\/\"><span style=\"color: #ffffff;\">Mehr erfahren<\/span><\/a><\/button>\n<\/div><\/div><\/div><div class=\"et_pb_column_8 et_pb_column et_pb_column_2_5 et-last-child et_block_column et_pb_css_mix_blend_mode_passthrough\"><div class=\"et_pb_image_2 et_pb_image et_animated et_pb_module et_block_module bigcover\"><a href=\"https:\/\/staging.open2europe.com\/agence-influence\/\"><span class=\"et_pb_image_wrap\"><img loading=\"lazy\" decoding=\"async\" src=\"https:\/\/staging.open2europe.com\/wp-content\/uploads\/2023\/07\/Influence-5-1024x1024.png\" width=\"1024\" height=\"1024\" srcset=\"https:\/\/staging.open2europe.com\/wp-content\/uploads\/2023\/07\/Influence-5-1024x1024.png 1024w, https:\/\/staging.open2europe.com\/wp-content\/uploads\/2023\/07\/Influence-5-980x980.png 980w, https:\/\/staging.open2europe.com\/wp-content\/uploads\/2023\/07\/Influence-5-480x480.png 480w\" sizes=\"(min-width: 0px) and (max-width: 480px) 480px, (min-width: 481px) and (max-width: 980px) 980px, (min-width: 981px) 1024px, 100vw\" class=\"wp-image-24687\" title=\"Influencer Agentur\" alt=\"Influencer Agentur\" \/><\/span><\/a><\/div><\/div><\/div><\/div><div class=\"et_pb_section_4 et_pb_section et_section_regular et_block_section\" id=\"Inhalt\"><div class=\"et_pb_row_5 et_pb_row et_block_row\"><div class=\"et_pb_column_9 et_pb_column et_pb_column_2_5 et_block_column et_pb_css_mix_blend_mode_passthrough\"><div class=\"et_pb_image_3 et_pb_image et_animated et_pb_module et_block_module bigcover\"><a href=\"https:\/\/staging.open2europe.com\/agence-content\/\"><span class=\"et_pb_image_wrap\"><img loading=\"lazy\" decoding=\"async\" src=\"https:\/\/staging.open2europe.com\/wp-content\/uploads\/2023\/07\/Creation-de-contenu-4-1024x1024.png\" width=\"1024\" height=\"1024\" srcset=\"https:\/\/staging.open2europe.com\/wp-content\/uploads\/2023\/07\/Creation-de-contenu-4-1024x1024.png 1024w, https:\/\/staging.open2europe.com\/wp-content\/uploads\/2023\/07\/Creation-de-contenu-4-980x980.png 980w, https:\/\/staging.open2europe.com\/wp-content\/uploads\/2023\/07\/Creation-de-contenu-4-480x480.png 480w\" sizes=\"(min-width: 0px) and (max-width: 480px) 480px, (min-width: 481px) and (max-width: 980px) 980px, (min-width: 981px) 1024px, 100vw\" class=\"wp-image-24697\" title=\"Content Creation\" alt=\"Content Creation\" \/><\/span><\/a><\/div><\/div><div class=\"et_pb_column_10 et_pb_column et_pb_column_3_5 et-last-child et_block_column et_pb_css_mix_blend_mode_passthrough\"><div class=\"et_pb_text_8 et_pb_text et_pb_bg_layout_light et_pb_module et_block_module\"><div class=\"et_pb_text_inner\"><h3><span style=\"color: #142263;\">Content<\/span> Creation<\/h3>\n<\/div><\/div><div class=\"et_pb_text_9 et_pb_text et_pb_bg_layout_light et_pb_module et_block_module\"><div class=\"et_pb_text_inner\"><p style=\"text-align: justify;\"><span>Ihre Unternehmensstrategie und Ihr Storytelling sollten auf Inhalten mit hohem Mehrwert beruhen, um bei Kund:innen Pr\u00e4ferenz f\u00fcr Ihre Marke oder Ihr Unternehmen zu erreichen. Gute Inhalte sind der Ausgangspunkt f\u00fcr jede Presse- und Kommunikationsstrategie, und zwar \u00fcber alle Kommmunikationskan\u00e4le hinweg. So stellen Sie sicher, dass Sie die richtigen Botschaften zur richtigen Zeit an die richtigen Personen senden. Unsere PR- und Content-Berater:innen arbeiten mit Ihnen zusammen, um Ihre Ziele zu formulieren, Markttrends zu analysieren und Ihre Botschaft in den am besten geeigneten Medien zu publizieren.<\/span><\/p>\n<\/div><\/div><div class=\"et_pb_code_4 et_pb_code et_pb_module\"><div class=\"et_pb_code_inner\"><button class=\"cta_button et_pb_button\"><a href=\"https:\/\/staging.open2europe.com\/agence-content\/\"><span style=\"color: #ffffff;\">Mehr erfahren<\/span><\/a><\/button>\n<\/div><\/div><\/div><\/div><\/div><div class=\"et_pb_section_5 et_pb_section et_section_regular et_block_section\" id=\"Krisen\"><div class=\"et_pb_row_6 et_pb_row et_block_row\"><div class=\"et_pb_column_11 et_pb_column et_pb_column_3_5 et_block_column et_pb_css_mix_blend_mode_passthrough\"><div class=\"et_pb_text_10 et_pb_text et_pb_bg_layout_light et_pb_module et_block_module\"><div class=\"et_pb_text_inner\"><h3><span style=\"color: #142263;\">Krisenkommunikation <\/span><\/h3>\n<\/div><\/div><div class=\"et_pb_text_11 et_pb_text et_pb_bg_layout_light et_pb_module et_block_module\"><div class=\"et_pb_text_inner\"><p style=\"text-align: justify;\"><span>In manchen F\u00e4llen kann eine Krise vorhergesehen werden, aber leider ist das nicht immer m\u00f6glich. Deshalb ist es wichtig, im Falle einer Krise schnell und entschlossen reagieren zu k\u00f6nnen: Die ersten Stunden sind entscheidend, um Ihre Version der Geschehnisse darzustellen. Unser Expertenteam f\u00fcr Pressearbeit, digitale Kommunikation und Krisenkommunikation wird Sie vor, w\u00e4hrend und nach der Krisenkommunikation unterst\u00fctzen und Ihnen dabei helfen, die richtige mediale Botschaft zu vermitteln.<\/span><\/p>\n<\/div><\/div><div class=\"et_pb_code_5 et_pb_code et_pb_module\"><div class=\"et_pb_code_inner\"><button class=\"cta_button et_pb_button\"><a href=\"https:\/\/staging.open2europe.com\/communication-de-crise\/\"><span style=\"color: #ffffff;\">Mehr erfahren<\/span><\/a><\/button>\n<\/div><\/div><\/div><div class=\"et_pb_column_12 et_pb_column et_pb_column_2_5 et-last-child et_block_column et_pb_css_mix_blend_mode_passthrough\"><div class=\"et_pb_image_4 et_pb_image et_animated et_pb_module et_block_module bigcover\"><a href=\"https:\/\/staging.open2europe.com\/communication-de-crise\/\"><span class=\"et_pb_image_wrap\"><img loading=\"lazy\" decoding=\"async\" src=\"https:\/\/staging.open2europe.com\/wp-content\/uploads\/2023\/07\/Communication-de-Crise-4-1024x1024.png\" width=\"1024\" height=\"1024\" srcset=\"https:\/\/staging.open2europe.com\/wp-content\/uploads\/2023\/07\/Communication-de-Crise-4-1024x1024.png 1024w, https:\/\/staging.open2europe.com\/wp-content\/uploads\/2023\/07\/Communication-de-Crise-4-980x980.png 980w, https:\/\/staging.open2europe.com\/wp-content\/uploads\/2023\/07\/Communication-de-Crise-4-480x480.png 480w\" sizes=\"(min-width: 0px) and (max-width: 480px) 480px, (min-width: 481px) and (max-width: 980px) 980px, (min-width: 981px) 1024px, 100vw\" class=\"wp-image-24667\" title=\"Krisenkommunikation\" alt=\"Krisenkommunikation\" \/><\/span><\/a><\/div><\/div><\/div><\/div><div class=\"et_pb_section_6 et_pb_section et_section_regular et_block_section\" id=\"ESG\"><\/div><div class=\"et_pb_section_7 et_pb_section et_section_regular et_block_section\" id=\"Social Listening\"><div class=\"et_pb_row_7 et_pb_row et_block_row\"><div class=\"et_pb_column_13 et_pb_column et_pb_column_3_5 et_block_column et_pb_css_mix_blend_mode_passthrough\"><div class=\"et_pb_text_12 et_pb_text et_pb_bg_layout_light et_pb_module et_block_module\"><div class=\"et_pb_text_inner\"><h3>Social <span style=\"color: #142263;\">Listening<\/span><\/h3>\n<\/div><\/div><div class=\"et_pb_text_13 et_pb_text et_pb_bg_layout_light et_pb_module et_block_module\"><div class=\"et_pb_text_inner\"><p style=\"text-align: justify;\"><span>Kund:innen nutzen immer h\u00e4ufiger das Internet und soziale Netzwerke, um Unternehmen und Marken zu bewerten. Die Auswirkungen dieses \u00f6ffentlichen Meinungsaustausches auf das Image und den Ruf einer Marke sind allgemein bekannt. Durch die Einf\u00fchrung einer Social Listening-Strategie haben Sie die M\u00f6glichkeit \u00fcber alles, was in Zusammenhang mit Ihrem Unternehmen gesagt wird, auf dem Laufenden bleiben. Unsere fachkundigen Berater:innen f\u00fcr Social Listening helfen Ihnen, die richtigen Ma\u00dfnahmen zu ergreifen, um die E-Reputation Ihrer Marke zu verbessern und gleichzeitig die Erwartungen Ihrer Kund:innen zu erf\u00fcllen.<\/span><\/p>\n<\/div><\/div><div class=\"et_pb_code_6 et_pb_code et_pb_module\"><div class=\"et_pb_code_inner\"><button class=\"cta_button et_pb_button\"><a href=\"https:\/\/staging.open2europe.com\/agence-sem-search-engine-marketing\/smo-social-media-listening\/\"><span style=\"color: #ffffff;\">Mehr erfahren<\/span><\/a><\/button>\n<\/div><\/div><\/div><div class=\"et_pb_column_14 et_pb_column et_pb_column_2_5 et-last-child et_block_column et_pb_css_mix_blend_mode_passthrough\"><div class=\"et_pb_image_5 et_pb_image et_animated et_pb_module et_block_module bigcover\"><a href=\"https:\/\/staging.open2europe.com\/agence-sem-search-engine-marketing\/smo-social-media-listening\/\"><span class=\"et_pb_image_wrap\"><img loading=\"lazy\" decoding=\"async\" src=\"https:\/\/staging.open2europe.com\/wp-content\/uploads\/2023\/07\/social-Listening-5-1024x1024.png\" width=\"1024\" height=\"1024\" srcset=\"https:\/\/staging.open2europe.com\/wp-content\/uploads\/2023\/07\/social-Listening-5-1024x1024.png 1024w, https:\/\/staging.open2europe.com\/wp-content\/uploads\/2023\/07\/social-Listening-5-980x980.png 980w, https:\/\/staging.open2europe.com\/wp-content\/uploads\/2023\/07\/social-Listening-5-480x480.png 480w\" sizes=\"(min-width: 0px) and (max-width: 480px) 480px, (min-width: 481px) and (max-width: 980px) 980px, (min-width: 981px) 1024px, 100vw\" class=\"wp-image-24692\" title=\"Social Listening\" alt=\"Social Listening\" \/><\/span><\/a><\/div><\/div><\/div><div class=\"et_pb_row_8 et_pb_row et_block_row\"><div class=\"et_pb_column_15 et_pb_column et_pb_column_2_5 et_block_column et_pb_css_mix_blend_mode_passthrough\"><div class=\"et_pb_image_6 et_pb_image et_animated et_pb_module et_block_module bigcover\"><a href=\"https:\/\/staging.open2europe.com\/agence-communication-rse\/\"><span class=\"et_pb_image_wrap\"><img loading=\"lazy\" decoding=\"async\" src=\"https:\/\/staging.open2europe.com\/wp-content\/uploads\/2023\/07\/Communication-RSE-4-1024x1024.png\" width=\"1024\" height=\"1024\" srcset=\"https:\/\/staging.open2europe.com\/wp-content\/uploads\/2023\/07\/Communication-RSE-4-1024x1024.png 1024w, https:\/\/staging.open2europe.com\/wp-content\/uploads\/2023\/07\/Communication-RSE-4-980x980.png 980w, https:\/\/staging.open2europe.com\/wp-content\/uploads\/2023\/07\/Communication-RSE-4-480x480.png 480w\" sizes=\"(min-width: 0px) and (max-width: 480px) 480px, (min-width: 481px) and (max-width: 980px) 980px, (min-width: 981px) 1024px, 100vw\" class=\"wp-image-24677\" title=\"ESG-Kommunikation\" alt=\"ESG-Kommunikation\" \/><\/span><\/a><\/div><\/div><div class=\"et_pb_column_16 et_pb_column et_pb_column_3_5 et-last-child et_block_column et_pb_css_mix_blend_mode_passthrough\"><div class=\"et_pb_text_14 et_pb_text et_pb_bg_layout_light et_pb_module et_block_module\"><div class=\"et_pb_text_inner\"><h3><span style=\"color: #142263;\">ESG-Kommunikation <\/span><\/h3>\n<\/div><\/div><div class=\"et_pb_text_15 et_pb_text et_pb_bg_layout_light et_pb_module et_block_module\"><div class=\"et_pb_text_inner\"><p style=\"text-align: justify;\"><span>Die sozial-\u00f6kologische Transformation ist eine zentrale Herausforderung f\u00fcr alle Unternehmen. Die Kommunikation \u00fcber Ihre diesbez\u00fcglichen Initiativen ist eine gro\u00dfartige Gelegenheit, Ihr Image zu verbessern und Ihre Glaubw\u00fcrdigkeit zu steigern. Aber Vorsicht vor Greenwashing! Eine schlecht durchdachte Pressearbeit oder eine falsche digitale ESG-Kommunikation kann kontraproduktiv sein und Ihrem Ruf schaden. \u00dcber unsere Filiale <\/span><strong>Open2transition<\/strong>, <span>\u00dcber unsere Filiale Open2Transition helfen unsere Berater:innen und Expert:innen Ihnen dabei, die entsprechenden Nachweise zu erbringen und Sie bei der Umsetzung Ihres gesellschaftlichen Engagements zu unterst\u00fctzen.<\/span><\/p>\n<\/div><\/div><div class=\"et_pb_code_7 et_pb_code et_pb_module\"><div class=\"et_pb_code_inner\"><button class=\"cta_button et_pb_button\"><a href=\"https:\/\/staging.open2europe.com\/agence-communication-rse\/\"><span style=\"color: #ffffff;\">Mehr erfahren<\/span><\/a><\/button>\n<\/div><\/div><\/div><\/div><\/div><div class=\"et_pb_section_8 et_pb_section et_section_regular et_block_section\" id=\"\u00dcbersetzung\"><div class=\"et_pb_row_9 et_pb_row et_block_row\"><div class=\"et_pb_column_17 et_pb_column et_pb_column_2_5 et_block_column et_pb_css_mix_blend_mode_passthrough\"><div class=\"et_pb_image_7 et_pb_image et_animated et_pb_module et_block_module bigcover\"><a href=\"https:\/\/staging.open2europe.com\/agence-de-traduction\/\"><span class=\"et_pb_image_wrap\"><img loading=\"lazy\" decoding=\"async\" src=\"https:\/\/staging.open2europe.com\/wp-content\/uploads\/2023\/07\/traduction-5-1024x1024.png\" width=\"1024\" height=\"1024\" srcset=\"https:\/\/staging.open2europe.com\/wp-content\/uploads\/2023\/07\/traduction-5-1024x1024.png 1024w, https:\/\/staging.open2europe.com\/wp-content\/uploads\/2023\/07\/traduction-5-980x980.png 980w, https:\/\/staging.open2europe.com\/wp-content\/uploads\/2023\/07\/traduction-5-480x480.png 480w\" sizes=\"(min-width: 0px) and (max-width: 480px) 480px, (min-width: 481px) and (max-width: 980px) 980px, (min-width: 981px) 1024px, 100vw\" class=\"wp-image-24672\" title=\"\u00dcbersetzungsagentur\" alt=\"\u00dcbersetzungsagentur\" \/><\/span><\/a><\/div><\/div><div class=\"et_pb_column_18 et_pb_column et_pb_column_3_5 et-last-child et_block_column et_pb_css_mix_blend_mode_passthrough\"><div class=\"et_pb_text_16 et_pb_text et_pb_bg_layout_light et_pb_module et_block_module\"><div class=\"et_pb_text_inner\"><h3><span style=\"color: #142263;\">\u00dcbersetzung<\/span><\/h3>\n<\/div><\/div><div class=\"et_pb_text_17 et_pb_text et_pb_bg_layout_light et_pb_module et_block_module\"><div class=\"et_pb_text_inner\"><p style=\"text-align: justify;\"><span>Open2Europe ist eine europaweit t\u00e4tige Presseagentur Agentur mit Sitz in Paris. Unsere Teams bestehen aus Muttersprachlern, die aus mehr als 30 L\u00e4ndern kommen. Damit k\u00f6nnen Sie Unternehmen und Marken in Europa und der ganzen Welt optimal vertreten. Da unsere Berater:innen alle dreisprachig sind (Franz\u00f6sisch, Englisch und Muttersprache) k\u00f6nnen sie Ihre Inhalte \u00fcbersetzen und an die jeweilige Kultur, den Zielmarkt und die lokalen Bed\u00fcrfnisse anpassen.<\/span><\/p>\n<\/div><\/div><div class=\"et_pb_code_8 et_pb_code et_pb_module\"><div class=\"et_pb_code_inner\"><button class=\"cta_button et_pb_button\"><a href=\"https:\/\/staging.open2europe.com\/agence-de-traduction\/\"><span style=\"color: #ffffff;\">Mehr erfahren<\/span><\/a><\/button>\n<\/div><\/div><\/div><\/div><\/div><div class=\"et_pb_section_9 et_pb_section et_section_regular et_block_section\" id=\"Coordination\"><div class=\"et_pb_row_10 et_pb_row et_block_row\"><div class=\"et_pb_column_19 et_pb_column et_pb_column_3_5 et_block_column et_pb_css_mix_blend_mode_passthrough\"><div class=\"et_pb_text_18 et_pb_text et_pb_bg_layout_light et_pb_module et_block_module\"><div class=\"et_pb_text_inner\"><h3><span style=\"color: #142263;\">Coordination<\/span> Hub<\/h3>\n<\/div><\/div><div class=\"et_pb_text_19 et_pb_text et_pb_bg_layout_light et_pb_module et_block_module\"><div class=\"et_pb_text_inner\"><p style=\"text-align: justify;\"><span>Dank der Multikulturalit\u00e4t und der Pr\u00e4senz in Europa und auf der ganzen Welt ist Open2Europe in der Lage, Ihre Pressearbeit sowie Ihre digitale und globale Kommunikation \u00fcberall dort zu betreuen, wo Ihre Marke pr\u00e4sent ist. In permanentem Kontakt mit Ihren Ansprechpartner: innen auf der ganzen Welt unterst\u00fctzen Sie unsere Berater:innen in unserem mehrsprachigen Koordinationszentrum bei der Entwicklung Ihrer globalen Strategie und \u00fcberwachen t\u00e4glich deren erfolgreiche Umsetzung.<\/span><\/p>\n<\/div><\/div><div class=\"et_pb_code_9 et_pb_code et_pb_module\"><div class=\"et_pb_code_inner\"><button class=\"cta_button et_pb_button\"><a href=\"https:\/\/staging.open2europe.com\/agence-de-coordination-en-communication\/\"><span style=\"color: #ffffff;\">Mehr erfahren<\/span><\/a><\/button>\n<\/div><\/div><\/div><div class=\"et_pb_column_20 et_pb_column et_pb_column_2_5 et-last-child et_block_column et_pb_css_mix_blend_mode_passthrough\"><div class=\"et_pb_image_8 et_pb_image et_animated et_pb_module et_block_module bigcover\"><a href=\"https:\/\/staging.open2europe.com\/agence-de-coordination-en-communication\/\"><span class=\"et_pb_image_wrap\"><img loading=\"lazy\" decoding=\"async\" src=\"https:\/\/staging.open2europe.com\/wp-content\/uploads\/2023\/07\/Hub-de-coordination-5-1024x1024.png\" width=\"1024\" height=\"1024\" srcset=\"https:\/\/staging.open2europe.com\/wp-content\/uploads\/2023\/07\/Hub-de-coordination-5-1024x1024.png 1024w, https:\/\/staging.open2europe.com\/wp-content\/uploads\/2023\/07\/Hub-de-coordination-5-980x980.png 980w, https:\/\/staging.open2europe.com\/wp-content\/uploads\/2023\/07\/Hub-de-coordination-5-480x480.png 480w\" sizes=\"(min-width: 0px) and (max-width: 480px) 480px, (min-width: 481px) and (max-width: 980px) 980px, (min-width: 981px) 1024px, 100vw\" class=\"wp-image-24702\" title=\"Coordination Hub\" alt=\"Coordination Hub\" \/><\/span><\/a><\/div><\/div><\/div><\/div><div class=\"et_pb_section_10 et_pb_section et_section_regular et_block_section\" id=\"Mediatraining\"><div class=\"et_pb_row_11 et_pb_row et_block_row\"><div class=\"et_pb_column_21 et_pb_column et_pb_column_2_5 et_block_column et_pb_css_mix_blend_mode_passthrough\"><div class=\"et_pb_image_9 et_pb_image et_animated et_pb_module et_block_module bigcover\"><a href=\"https:\/\/staging.open2europe.com\/en\/media-training\/\"><span class=\"et_pb_image_wrap\"><img loading=\"lazy\" decoding=\"async\" src=\"https:\/\/staging.open2europe.com\/wp-content\/uploads\/2023\/07\/Formation-et-media-training-4-1024x1024.png\" width=\"1024\" height=\"1024\" srcset=\"https:\/\/staging.open2europe.com\/wp-content\/uploads\/2023\/07\/Formation-et-media-training-4-1024x1024.png 1024w, https:\/\/staging.open2europe.com\/wp-content\/uploads\/2023\/07\/Formation-et-media-training-4-980x980.png 980w, https:\/\/staging.open2europe.com\/wp-content\/uploads\/2023\/07\/Formation-et-media-training-4-480x480.png 480w\" sizes=\"(min-width: 0px) and (max-width: 480px) 480px, (min-width: 481px) and (max-width: 980px) 980px, (min-width: 981px) 1024px, 100vw\" class=\"wp-image-24682\" title=\"Schulungen &amp; Media-Workshops\" alt=\"Schulungen &amp; Media-Workshops\" \/><\/span><\/a><\/div><\/div><div class=\"et_pb_column_22 et_pb_column et_pb_column_3_5 et-last-child et_block_column et_pb_css_mix_blend_mode_passthrough\"><div class=\"et_pb_text_20 et_pb_text et_pb_bg_layout_light et_pb_module et_block_module\"><div class=\"et_pb_text_inner\"><h3><span style=\"color: #142263;\">Schulungen<\/span> &amp;<br \/><span style=\"color: #142263;\">Mediatraining<\/span><\/h3>\n<\/div><\/div><div class=\"et_pb_text_21 et_pb_text et_pb_bg_layout_light et_pb_module et_block_module\"><div class=\"et_pb_text_inner\"><p style=\"text-align: justify;\"><span>Open2Europe ist ein anerkanntes Schulungszentrum - Zulassungserkl\u00e4rung Nr. 11 92 17623 92. Unsere Workshops sind auf Ihre Marke und Ihre F\u00fchrungskr\u00e4fte zugeschnitten und verbinden Theorie und Praxis Unsere Expert:innen f\u00fcr Pressearbeit vermitteln Ihnen ein Verst\u00e4ndnis f\u00fcr die Arbeitsweise der Medien, helfen Ihnen, Ihre Botschaft zu verbreiten und dabei die Erwartungen der Journalist:innen zu ber\u00fccksichtigen. So lernen Sie die H\u00f6hen und Tiefen von Live-Interviews zu bew\u00e4ltigen und bekommen Tipps f\u00fcr erfolgreiches Sprechen in der \u00d6ffentlichkeit.<\/span><\/p>\n<\/div><\/div><div class=\"et_pb_code_10 et_pb_code et_pb_module\"><div class=\"et_pb_code_inner\"><button class=\"cta_button et_pb_button\"><a href=\"https:\/\/staging.open2europe.com\/en\/media-training\/\"><span style=\"color: #ffffff;\">Mehr erfahren<\/span><\/a><\/button>\n<\/div><\/div><\/div><\/div><\/div>","protected":false},"excerpt":{"rendered":"","protected":false},"author":1,"featured_media":0,"parent":0,"menu_order":0,"comment_status":"closed","ping_status":"closed","template":"","meta":{"footnotes":""},"class_list":["post-27370","page","type-page","status-publish","hentry"],"_links":{"self":[{"href":"https:\/\/staging.open2europe.com\/de\/wp-json\/wp\/v2\/pages\/27370","targetHints":{"allow":["GET"]}}],"collection":[{"href":"https:\/\/staging.open2europe.com\/de\/wp-json\/wp\/v2\/pages"}],"about":[{"href":"https:\/\/staging.open2europe.com\/de\/wp-json\/wp\/v2\/types\/page"}],"author":[{"embeddable":true,"href":"https:\/\/staging.open2europe.com\/de\/wp-json\/wp\/v2\/users\/1"}],"replies":[{"embeddable":true,"href":"https:\/\/staging.open2europe.com\/de\/wp-json\/wp\/v2\/comments?post=27370"}],"version-history":[{"count":3,"href":"https:\/\/staging.open2europe.com\/de\/wp-json\/wp\/v2\/pages\/27370\/revisions"}],"predecessor-version":[{"id":28522,"href":"https:\/\/staging.open2europe.com\/de\/wp-json\/wp\/v2\/pages\/27370\/revisions\/28522"}],"wp:attachment":[{"href":"https:\/\/staging.open2europe.com\/de\/wp-json\/wp\/v2\/media?parent=27370"}],"curies":[{"name":"wp","href":"https:\/\/api.w.org\/{rel}","templated":true}]}}