{"id":21123,"date":"2021-10-07T15:52:06","date_gmt":"2021-10-07T13:52:06","guid":{"rendered":"https:\/\/open2europe.com\/agencia-de-relaciones-con-la-prensa-desarrollo-sostenible\/"},"modified":"2021-12-14T09:50:18","modified_gmt":"2021-12-14T08:50:18","slug":"agencia-de-relaciones-con-la-prensa-desarrollo-sostenible","status":"publish","type":"page","link":"https:\/\/staging.open2europe.com\/es\/agencia-de-relaciones-con-la-prensa-desarrollo-sostenible\/","title":{"rendered":"Agencia de Relaciones con la Prensa Desarrollo Sostenible"},"content":{"rendered":"<div class=\"et_d4_element et_pb_section et_pb_section_0  et_pb_css_mix_blend_mode et_section_regular et_block_section\" >\n\t\t\t\t\n\t\t\t\t\n\t\t\t\t\n\t\t\t\t\n\t\t\t\t\n\t\t\t\t\n\t\t\t\t<div class=\"et_d4_element et_pb_row et_pb_row_0  et_pb_css_mix_blend_mode et_block_row\">\n\t\t\t\t<div class=\"et_d4_element et_pb_column_4_4 et_pb_column et_pb_column_0  et_pb_css_mix_blend_mode et-last-child et_block_column\">\n\t\t\t\t\n\t\t\t\t\n\t\t\t\t\n\t\t\t\t\n\t\t\t\t<div class=\"et_pb_module et_d4_element et_pb_text et_pb_text_0  et_pb_text_align_left et_pb_bg_layout_light\">\n\t\t\t\t\n\t\t\t\t\n\t\t\t\t\n\t\t\t\t\n\t\t\t\t<div class=\"et_pb_text_inner\"><p>Desde el medio ambiente (biodiversidad, espacios verdes, depuraci\u00f3n de aguas, conversi\u00f3n de residuos en energ\u00eda, descontaminaci\u00f3n de sitios, reciclaje, etc.) hasta las energ\u00edas renovables (e\u00f3lica, solar, fotovoltaica, hidr\u00e1ulica, etc.), pasando por la ordenaci\u00f3n del territorio (obras p\u00fablicas, ecoconstrucci\u00f3n, edificaci\u00f3n sostenible, etc.), sin olvidar los sectores tradicionales de los transportes, la movilidad, etc., nuestro equipo pone su experiencia y sus conocimientos al servicio de las misiones que se le encomiendan.<\/p>\n<p>Adem\u00e1s, en contacto permanente con las distintas \u00e1reas de especializaci\u00f3n, nuestros expertos en desarrollo sostenible tambi\u00e9n pueden prestar, ocasionalmente, apoyo a los agentes de los sectores agroalimentario, de alta tecnolog\u00eda y tur\u00edstico en cuestiones espec\u00edficas.<\/p>\n<p>Organizar una conferencia mediante comunicados de prensa secuenciados y orientados por tipo de prensa, mesas redondas tem\u00e1ticas que re\u00fanan a expertos y partes interesadas o, posicionar un foro abierto en la prensa econ\u00f3mica o especializada, son s\u00f3lo algunos ejemplos de las muchas herramientas puestas en marcha para promover sus mensajes y conocimientos.<\/p>\n<p>Y como el encuentro con los distintos p\u00fablicos y los medios de comunicaci\u00f3n es esencial para hacer valer sus compromisos y acciones, nuestro equipo le acompa\u00f1a a los grandes salones (Pollutec, EcoBat, Produrable) o a las ferias p\u00fablicas (Natexpo, Sal\u00f3n de la Agricultura...) y tami\u00e9n durante los grandes eventos (Semana del Desarrollo Sostenible, Cop21...).<\/p>\n<p>Adem\u00e1s, gracias a un equipo de consultores de m\u00e1s de 20 nacionalidades europeas, as\u00ed como a sus filiales <a href=\"https:\/\/open2china.com\/fr\/\" target=\"_blank\" rel=\"noopener\">Open2China<\/a>, <a href=\"https:\/\/open2america.com\/\" target=\"_blank\" rel=\"noopener\">Open2America<\/a>y Open2Africa, situadas en lugares estrat\u00e9gicos para cada uno de los continentes cubiertos, Open2Europe garantiza la comunicaci\u00f3n internacional.<\/p>\n<p>Nuestro equipo de <a href=\"https:\/\/open2digital.com\/\" target=\"_blank\" rel=\"noopener\">Open2Digital<\/a>tambi\u00e9n podr\u00e1 asesorarle en la definici\u00f3n e implementaci\u00f3n operativa de su estrategia de influencia a trav\u00e9s de las redes sociales: Twitter, LinkedIn, etc.<\/p><\/div>\n\t\t\t<\/div>\n\t\t\t<\/div>\n\t\t\t\t\n\t\t\t\t\n\t\t\t\t\n\t\t\t\t\n\t\t\t<\/div>\n\t\t\t\t\n\t\t\t\t\n\t\t\t<\/div>\n","protected":false},"excerpt":{"rendered":"<p>Nuestro sector de Desarrollo Sostenible trabaja con empresas, autoridades p\u00fablicas y semip\u00fablicas, autoridades locales, asociaciones, ONG, etc. para promover y dar a conocer sus compromisos con el desarrollo sostenible, sean cuales sean los temas y problemas: medioambientales, sociales, societarios o econ\u00f3micos.<\/p>\n","protected":false},"author":1,"featured_media":0,"parent":0,"menu_order":0,"comment_status":"closed","ping_status":"closed","template":"","meta":{"_et_pb_use_builder":"off","_et_pb_old_content":"","_et_gb_content_width":"","footnotes":""},"class_list":["post-21123","page","type-page","status-publish","hentry"],"_links":{"self":[{"href":"https:\/\/staging.open2europe.com\/es\/wp-json\/wp\/v2\/pages\/21123","targetHints":{"allow":["GET"]}}],"collection":[{"href":"https:\/\/staging.open2europe.com\/es\/wp-json\/wp\/v2\/pages"}],"about":[{"href":"https:\/\/staging.open2europe.com\/es\/wp-json\/wp\/v2\/types\/page"}],"author":[{"embeddable":true,"href":"https:\/\/staging.open2europe.com\/es\/wp-json\/wp\/v2\/users\/1"}],"replies":[{"embeddable":true,"href":"https:\/\/staging.open2europe.com\/es\/wp-json\/wp\/v2\/comments?post=21123"}],"version-history":[{"count":4,"href":"https:\/\/staging.open2europe.com\/es\/wp-json\/wp\/v2\/pages\/21123\/revisions"}],"predecessor-version":[{"id":23201,"href":"https:\/\/staging.open2europe.com\/es\/wp-json\/wp\/v2\/pages\/21123\/revisions\/23201"}],"wp:attachment":[{"href":"https:\/\/staging.open2europe.com\/es\/wp-json\/wp\/v2\/media?parent=21123"}],"curies":[{"name":"wp","href":"https:\/\/api.w.org\/{rel}","templated":true}]}}